{"id":2794,"date":"2025-09-04T09:53:06","date_gmt":"2025-09-04T09:53:06","guid":{"rendered":"https:\/\/skandiaelevator.com\/historia\/"},"modified":"2025-09-25T12:57:38","modified_gmt":"2025-09-25T12:57:38","slug":"historia","status":"publish","type":"page","link":"https:\/\/skandiaelevator.com\/sv\/historia\/","title":{"rendered":"Historia"},"content":{"rendered":"\t\t<div data-elementor-type=\"wp-page\" data-elementor-id=\"2794\" class=\"elementor elementor-2794 elementor-2694\" data-elementor-post-type=\"page\">\n\t\t\t\t<div class=\"elementor-element elementor-element-6d24a68 e-flex e-con-boxed e-con e-parent\" data-id=\"6d24a68\" data-element_type=\"container\" data-e-type=\"container\">\n\t\t\t\t\t<div class=\"e-con-inner\">\n\t\t\t\t<div class=\"elementor-element elementor-element-9f9beff elementor-widget elementor-widget-breadcrumbs\" data-id=\"9f9beff\" data-element_type=\"widget\" data-e-type=\"widget\" data-widget_type=\"breadcrumbs.default\">\n\t\t\t\t\t<p id=\"breadcrumbs\"><span><span><a href=\"https:\/\/skandiaelevator.com\/sv\/home\/\">Hem<\/a><\/span><\/span><\/p>\t\t\t\t<\/div>\n\t\t\t\t\t<\/div>\n\t\t\t\t<\/div>\n\t\t<div class=\"elementor-element elementor-element-f058bbb e-con-full e-flex e-con e-parent\" data-id=\"f058bbb\" data-element_type=\"container\" data-e-type=\"container\">\n\t\t<div class=\"elementor-element elementor-element-33d62ce4 e-flex e-con-boxed e-con e-child\" data-id=\"33d62ce4\" data-element_type=\"container\" data-e-type=\"container\">\n\t\t\t\t\t<div class=\"e-con-inner\">\n\t\t<div class=\"elementor-element elementor-element-d06bc0d e-con-full e-flex e-con e-child\" data-id=\"d06bc0d\" data-element_type=\"container\" data-e-type=\"container\">\n\t\t\t\t<div class=\"elementor-element elementor-element-f1907fa elementor-widget elementor-widget-heading\" data-id=\"f1907fa\" data-element_type=\"widget\" data-e-type=\"widget\" data-widget_type=\"heading.default\">\n\t\t\t\t\t<h2 class=\"elementor-heading-title elementor-size-default\">V\u00e5r historia<\/h2>\t\t\t\t<\/div>\n\t\t\t\t<\/div>\n\t\t\t\t<div class=\"elementor-element elementor-element-1b7f6faa elementor-widget__width-initial elementor-widget-mobile__width-inherit elementor-widget elementor-widget-text-editor\" data-id=\"1b7f6faa\" data-element_type=\"widget\" data-e-type=\"widget\" data-widget_type=\"text-editor.default\">\n\t\t\t\t\t\t\t\t\t<p>Vad som b\u00f6rjade 1914 i Vara i Sverige har idag vuxit till att bli en ledande global partner inom spannm\u00e5lshantering. Utforska resan bakom v\u00e5r innovation, v\u00e5rt hantverk och v\u00e5rt l\u00e5ngvariga engagemang f\u00f6r spannm\u00e5lsindustrin. <\/p>\t\t\t\t\t\t\t\t<\/div>\n\t\t\t\t\t<\/div>\n\t\t\t\t<\/div>\n\t\t<div class=\"elementor-element elementor-element-33976fd0 e-con-full e-flex e-con e-child\" data-id=\"33976fd0\" data-element_type=\"container\" data-e-type=\"container\">\n\t\t\t\t<div class=\"elementor-element elementor-element-6e5cb4e1 elementor-widget elementor-widget-image\" data-id=\"6e5cb4e1\" data-element_type=\"widget\" data-e-type=\"widget\" data-widget_type=\"image.default\">\n\t\t\t\t\t\t\t\t\t\t\t\t\t\t\t<img fetchpriority=\"high\" decoding=\"async\" width=\"2530\" height=\"1694\" src=\"https:\/\/skandiaelevator.com\/wp-content\/uploads\/2025\/09\/0b00464bdd8ae64cbd2be53ab185b7f73c96d037.jpg\" class=\"attachment-full size-full wp-image-2701\" alt=\"Black-and-white photo of factory workers operating grinding equipment.\" srcset=\"https:\/\/skandiaelevator.com\/wp-content\/uploads\/2025\/09\/0b00464bdd8ae64cbd2be53ab185b7f73c96d037.jpg 2530w, https:\/\/skandiaelevator.com\/wp-content\/uploads\/2025\/09\/0b00464bdd8ae64cbd2be53ab185b7f73c96d037-300x201.jpg 300w, https:\/\/skandiaelevator.com\/wp-content\/uploads\/2025\/09\/0b00464bdd8ae64cbd2be53ab185b7f73c96d037-1024x686.jpg 1024w, https:\/\/skandiaelevator.com\/wp-content\/uploads\/2025\/09\/0b00464bdd8ae64cbd2be53ab185b7f73c96d037-768x514.jpg 768w, https:\/\/skandiaelevator.com\/wp-content\/uploads\/2025\/09\/0b00464bdd8ae64cbd2be53ab185b7f73c96d037-1536x1028.jpg 1536w, https:\/\/skandiaelevator.com\/wp-content\/uploads\/2025\/09\/0b00464bdd8ae64cbd2be53ab185b7f73c96d037-2048x1371.jpg 2048w\" sizes=\"(max-width: 2530px) 100vw, 2530px\" \/>\t\t\t\t\t\t\t\t\t\t\t\t\t\t\t<\/div>\n\t\t\t\t<\/div>\n\t\t\t\t<\/div>\n\t\t<div class=\"elementor-element elementor-element-163de80 e-flex e-con-boxed e-con e-parent\" data-id=\"163de80\" data-element_type=\"container\" data-e-type=\"container\">\n\t\t\t\t\t<div class=\"e-con-inner\">\n\t\t<div class=\"elementor-element elementor-element-29e1c1f e-con-full e-flex e-con e-child\" data-id=\"29e1c1f\" data-element_type=\"container\" data-e-type=\"container\">\n\t\t\t\t<div class=\"elementor-element elementor-element-5c55084 elementor-widget__width-initial elementor-widget-mobile__width-inherit elementor-widget elementor-widget-text-editor\" data-id=\"5c55084\" data-element_type=\"widget\" data-e-type=\"widget\" data-widget_type=\"text-editor.default\">\n\t\t\t\t\t\t\t\t\t<p>Skandia Elevator \u00e4r ett familjef\u00f6retag som nu drivs av tredje generationen. Det grundades 1914 av br\u00f6derna Nils och Gustav Larsson, tv\u00e5 bondes\u00f6ner som b\u00f6rjade tillverka tr\u00f6skverk och s\u00e4lja dem till n\u00e4rliggande g\u00e5rdar. N\u00e4stan ett sekel senare \u00e4r f\u00f6retaget fortfarande baserat i Arentorp i Vara kommun och drivs av Nils barnbarn, Jonas och Joakim Larsson. D\u00e4remot har det utvecklats fr\u00e5n att vara ett litet lokalt jordbruksf\u00f6retag till att bli Europas marknadsledare inom smart utrustning f\u00f6r spannm\u00e5lstransport, och \u00e4r dessutom en f\u00f6reg\u00e5ngare n\u00e4r det g\u00e4ller att leverera spannm\u00e5lsanl\u00e4ggningsdata och kunskap till professionella lantbrukare.   <\/p><p><br><\/p>\n<p><strong>S\u00e5 h\u00e4r utvecklade sig resan:<\/strong><\/p>\t\t\t\t\t\t\t\t<\/div>\n\t\t\t\t<\/div>\n\t\t\t\t\t<\/div>\n\t\t\t\t<\/div>\n\t\t<div class=\"elementor-element elementor-element-8b9dd1e e-flex e-con-boxed e-con e-parent\" data-id=\"8b9dd1e\" data-element_type=\"container\" data-e-type=\"container\">\n\t\t\t\t\t<div class=\"e-con-inner\">\n\t\t\t\t<div class=\"elementor-element elementor-element-4b33a37 elementor-widget elementor-widget-ucaddon_unlimited_timeline\" data-id=\"4b33a37\" data-element_type=\"widget\" data-e-type=\"widget\" data-widget_type=\"ucaddon_unlimited_timeline.default\">\n\t\t\t\t<div class=\"elementor-widget-container\">\n\t\t\t\t\t\n<!-- start Unlimited Timeline -->\n\t\t<link id='font-awesome-css' href='https:\/\/skandiaelevator.com\/wp-content\/plugins\/unlimited-elements-for-elementor\/assets_libraries\/font-awesome6\/fontawesome-all.min.css' type='text\/css' rel='stylesheet' >\n\t\t<link id='font-awesome-4-shim-css' href='https:\/\/skandiaelevator.com\/wp-content\/plugins\/unlimited-elements-for-elementor\/assets_libraries\/font-awesome6\/fontawesome-v4-shims.min.css' type='text\/css' rel='stylesheet' >\n\n<style>\/* widget: Unlimited Timeline *\/\n\n\r\n@keyframes uc_unlimited_timeline_elementor_4b33a37__item-animation {\r\n  0% {\r\n            \r\n        \t        \tfilter: blur(40px);\r\n\t\t\t\r\n    \t    opacity: 0;\r\n  }\r\n  100% {\r\n            \r\n        \t            filter: blur(0px);\r\n            \r\n    \t\topacity: 1;\r\n  }\r\n}\r\n\r\n\r\n#uc_unlimited_timeline_elementor_4b33a37 .ue_timeline_item{\r\n\topacity:0;\r\n}\r\n\r\n\r\n#uc_unlimited_timeline_elementor_4b33a37 .uc-entrance-animate {\r\n  opacity:1;\r\n}\r\n\r\n#uc_unlimited_timeline_elementor_4b33a37 .uc-entrance-animate {\r\n\tanimation: uc_unlimited_timeline_elementor_4b33a37__item-animation 0.875s cubic-bezier(0.470, 0.000, 0.745, 0.715) both;\r\n}\r\n\r\n\t\t\t\n\n#uc_unlimited_timeline_elementor_4b33a37{\n  direction:ltr;\n}\n\n#uc_unlimited_timeline_elementor_4b33a37 *{\n  box-sizing:border-box;\n}\n\n#uc_unlimited_timeline_elementor_4b33a37 .ue_timeline_item{\n  display:flex;\n  flex-direction:row-reverse;\n}\n\n#uc_unlimited_timeline_elementor_4b33a37 .ue_timeline_item_icon{\n  display:flex;\n  flex-direction:column;\n  align-items:center;\n}\n\n#uc_unlimited_timeline_elementor_4b33a37 .ue_timeline_item_icon_line{\n  flex-grow:1;\n}\n\n#uc_unlimited_timeline_elementor_4b33a37 .ue_timeline_item_icon_line_offset{\n  flex-grow:0;\n  flex-shrink:0;\n}\n\n#uc_unlimited_timeline_elementor_4b33a37 .ue_timeline_item_icon_holder{\n  display:flex;\n  justify-content:center;\n  align-items:center;\n  line-height:1em;\n  flex-direction:column;\n  transition: all 0.4s ease-in-out;\n  text-align: center;\n}\n\n#uc_unlimited_timeline_elementor_4b33a37 .ue_timeline_item_icon_holder svg{\n  height:1em;\n  width:1em;\n}\n\n#uc_unlimited_timeline_elementor_4b33a37 .ue_timeline_item_content{\n  flex:1;\n  flex-shrink:0;\n  flex-direction:row-reverse;\n}\n\n#uc_unlimited_timeline_elementor_4b33a37 .ue_timeline_item_spacer{\n  flex:1;\n  flex-shrink:0;\n}\n\n#uc_unlimited_timeline_elementor_4b33a37 .ue_timeline_item_content_main{\n  flex-grow:1;\n  word-break: break-word;\n  transition: all .3s;\n  position: relative;\n}\n\n#uc_unlimited_timeline_elementor_4b33a37 .ue_timeline_item_content_main_link{\n  position: absolute;\n  width: 100%;\n  height: 100%;\n  left: 0;\n  top: 0;\n  display: block;\n}\n\n#uc_unlimited_timeline_elementor_4b33a37 .ue_timeline_item_content{\n  display:flex;\n}\n\n#uc_unlimited_timeline_elementor_4b33a37 .ue_timeline_item_pointer_spacer{\n  flex-grow:0;\n  flex-shrink:0;\n}\n\n#uc_unlimited_timeline_elementor_4b33a37 .ue_timeline_item_icon{\n  flex-grow:0;\n  flex-shrink:0;\n}\n\n#uc_unlimited_timeline_elementor_4b33a37 .ue_timeline_item_pointer{  \n  flex-grow:0;\n  flex-shrink:0;\n  margin-top:0px;\n  position:relative;\n}\n\n#uc_unlimited_timeline_elementor_4b33a37 .ue_timeline_item .ue_timeline_item_content .ue_timeline_item_pointer .ue_timeline_item_pointer_inside{\n  position:relative;\n  clip-path: polygon(0 50%, 100% 0, 100% 100%);\n  transition: all .3s;\n}\n\n\t\n\n#uc_unlimited_timeline_elementor_4b33a37 .ue_timeline_item:last-child .ue_timeline_item_content{\n  margin-bottom:0px;\n}\n\n#uc_unlimited_timeline_elementor_4b33a37 .ue_timeline_item_spacer  {\n  display:none;\n}\n\n\t\n\n#uc_unlimited_timeline_elementor_4b33a37 .ue_timeline_item_button{\n\tdisplay: flex;\n  \talign-items: center;\n}\n\n#uc_unlimited_timeline_elementor_4b33a37 .ue_timeline_item_link{\n\tcursor: pointer;\n  \ttransition: all .3s;\n}\n\n\n.ue_timeline_item_title{\n  font-size:21px;\n}\n\n.ue_text_one, .ue_text_two, .ue_text_three{\n  font-size:14px;\n  line-height:1.1em;\n}\n\n.ue_timeline_item_icon_line_mask, .ue_timeline_item_icon_line_offset_mask {\n  width: 100%;\n  height: 0%;\n  max-height: 100%;\n  will-change: height;\n}\n\n#uc_unlimited_timeline_elementor_4b33a37 .ue_timeline_item_line_icon_holder{\n  position: relative;\n}\n\n#uc_unlimited_timeline_elementor_4b33a37 .ue_timeline_item_line_floating_icon,\n#uc_unlimited_timeline_elementor_4b33a37 .ue_timeline_item_line_floating_icon-offset{\n  position: absolute;\n  bottom: 0;\n  left: 50%;\n  transform: translate(-50%, 0%);\n  opacity: 0;\n  display: none;\n    display: none !important;\n  }\n\n#uc_unlimited_timeline_elementor_4b33a37 .ue_timeline_floating_icon{\n  display:flex;\n  opacity: 1;\n  justify-content:center;\n  align-items:center;\n  line-height:1em;\n  flex-direction:column;\n  transition: all 0.4s ease-in-out;\n  text-align: center;\n}\n  \n#uc_unlimited_timeline_elementor_4b33a37 .ue_timeline_item_image{\nobject-fit: cover;\n}\n\n#uc_unlimited_timeline_elementor_4b33a37 .ue_timeline_item_content_inside{\n  position:relative;\n}\n\n#uc_unlimited_timeline_elementor_4b33a37 .ue_timeline_item_content_main{\n  position:relative;\n  overflow:hidden;\n}\n\n\n@media only screen and (max-width: 768px) {\n  #uc_unlimited_timeline_elementor_4b33a37 .ue_timeline_item{\n    flex-direction:row-reverse !important;\n  }\n\n  #uc_unlimited_timeline_elementor_4b33a37 .ue_timeline_item .ue_timeline_item_content{\n   flex-direction:row-reverse !important;\n  }\n  \n  #uc_unlimited_timeline_elementor_4b33a37 .ue_timeline_item_spacer  {\n    display:none;\n  }\n  \n  #uc_unlimited_timeline_elementor_4b33a37 .ue_timeline_item .ue_timeline_item_content .ue_timeline_item_pointer .ue_timeline_item_pointer_inside  { \n   clip-path: polygon(0 50%, 100% 0, 100% 100%) !important;\n  }  \n}\n#uc_unlimited_timeline_elementor_4b33a37 .ue_timeline_item_img_wrapper{\n  display: flex;\n}\n#uc_unlimited_timeline_elementor_4b33a37 .ue_timeline_item:nth-child(even) .ue_timeline_item_img_wrapper{\n  justify-content: flex-end;\n}\n#uc_unlimited_timeline_elementor_4b33a37 .ue_timeline_item:nth-child(odd) .ue_timeline_item_img_wrapper{\n  justify-content: flex-start;\n}\n\t\n\n\n\n\n\n\t\n\n\n\n\n\n\t\n\n\n\n\n\n\t\n\n\n\n\n\n\t\n\n\n\n\n\n\t\n\n\n\n\n\n\n\n<\/style>\n\n<div id=\"uc_unlimited_timeline_elementor_4b33a37\" class=\"uc-items-wrapper \"  >\n  \n<div class=\"ue_timeline_item elementor-repeater-item-2875815 \" id=\"uc_unlimited_timeline_elementor_4b33a37_item1\">\n    <div class=\"ue_timeline_item_content\">\n      \n      <div class=\"ue_timeline_item_content_main\">\n        \n                \n        <div class=\"ue_timeline_item_content_inside\">\n          <div class=\"ue_timeline_item_subtitle\" >2020\u20132023<\/div>\n        <div class=\"ue_timeline_item_title\" >LEDER DEN DIGITALA LANTBRUKSREVOLUTIONEN<\/div>                <div class=\"ue_timeline_item_text\"><p>En aktiv period i Skandia Elevators resa d\u00e4r en ny generation elevatorer lanseras samtidigt som f\u00f6retaget blir en naturlig del av lantbruksindustrins digitala transformation, genom Grain Cloud. F\u00f6r att vidareutveckla Grain Clouds erbjudande gjorde Skandia Elevator historiskt sina allra f\u00f6rsta f\u00f6rv\u00e4rv, och blev hel\u00e4gare i temperaturlinef\u00f6retaget Liros Electronics i Malm\u00f6 AB och del\u00e4gare i automationsf\u00f6retaget Automations Teknik i Lidk\u00f6ping AB 2021. Grain Cloud gick ocks\u00e5 ihop i ett partnerskap med Datav\u00e4xt, f\u00f6r att skapa ytterligare v\u00e4rde f\u00f6r sina anv\u00e4ndare och skapade sitt f\u00f6rsta EIP-projekt f\u00f6r att utveckla sp\u00e5rbarhetsfunktioner. Sammantaget en lyckad period d\u00e4r oms\u00e4ttningsm\u00e5let i aff\u00e4rsplanen n\u00e5ddes. Fr\u00e5n \u00e5rsskiftet 2023 byter br\u00f6derna Larsson tj\u00e4nst d\u00e5 Jonas Larsson startar i rollen som Skandia Elevators nya VD, medan Joakim Larsson forts\u00e4tter som Vice VD och f\u00f6rs\u00e4ljningschef.    <\/p>\n<\/div>\t\n      \t          \n        <\/div>\n              <\/div>\n      \n            \n      <div class=\"ue_timeline_item_pointer_spacer\"><\/div>\n      \n    <\/div>\n  \n    <div class=\"ue_timeline_item_icon\">\n      <div class=\"ue_timeline_item_icon_line_offset\">\n      \t<div class=\"ue_timeline_item_icon_line_offset_mask ue_timeline_item_line_icon_holder\">\n          <div class=\"ue_timeline_item_line_floating_icon-offset ue_timeline_floating_icon\"><i class='fas fa-rocket'><\/i><\/div>\n        <\/div>\n      <\/div>\n      <div class=\"ue_timeline_item_icon_holder\">\n                                      <\/div>\n      \n      <div class=\"ue_timeline_item_icon_line\">\n      \t<div class=\"ue_timeline_item_icon_line_mask ue_timeline_item_line_icon_holder\">\n          <div class=\"ue_timeline_item_line_floating_icon ue_timeline_floating_icon\"><i class='fas fa-rocket'><\/i><\/div>\n        <\/div>\n      <\/div>\n      \n    <\/div>\n    <div class=\"ue_timeline_item_spacer\">\n            <div class=\"ue_timeline_item_img_wrapper\">\n              <\/div>\n        \t<\/div>\n  <\/div>\n\n<div class=\"ue_timeline_item elementor-repeater-item-dbb5ac4 \" id=\"uc_unlimited_timeline_elementor_4b33a37_item2\">\n    <div class=\"ue_timeline_item_content\">\n      \n      <div class=\"ue_timeline_item_content_main\">\n        \n                \n        <div class=\"ue_timeline_item_content_inside\">\n          <div class=\"ue_timeline_item_subtitle\" >2010\u20132020<\/div>\n        <div class=\"ue_timeline_item_title\" >UTVECKLINGEN AV GRAIN CLOUD<\/div>                <div class=\"ue_timeline_item_text\"><p>Efter att Skandia Elevator n\u00e5tt m\u00e5let att bli den ledande tillverkaren av transportutrustning f\u00f6r den europeiska spannm\u00e5lsindustrin skapades en ny strategi f\u00f6r produktutveckling: Att vara ledande inom smart transportutrustning f\u00f6r spannm\u00e5l. Och att vara en av de ledande n\u00e4r det g\u00e4ller att leverera data och kunskap fr\u00e5n spannm\u00e5lsanl\u00e4ggningar till professionella lantbrukare. D\u00e4rf\u00f6r grundade f\u00f6retaget 2017 varum\u00e4rket Grain Cloud, som med sina innovativa produkter blev ett helt nytt aff\u00e4rsomr\u00e5de, vilket bygger p\u00e5 id\u00e9n att ge lantbrukaren total kontroll \u00f6ver spannm\u00e5lsarbetet p\u00e5 anl\u00e4ggningen. De digitala produkterna inom Grain Cloud g\u00f6r att lantbrukaren kan optimera hela v\u00e4rdekedjan och skapa ett sp\u00e5rbart och h\u00e5llbart lantbruk. Resultatet blir \u00f6verl\u00e4gsen kontroll \u00f6ver spannm\u00e5let, ov\u00e4rderliga insikter och f\u00f6rm\u00e5gan att initiera, modifiera och avsluta processer p\u00e5 distans.    <\/p>\n<p><img decoding=\"async\" class=\"alignnone size-medium wp-image-2706\" src=\"https:\/\/skandiaelevator.com\/wp-content\/uploads\/2025\/09\/eba9cdee8f084fbaf0e3e2ac7c561b39ecaf4402-300x200.png\" alt=\"\" width=\"300\" height=\"200\" srcset=\"https:\/\/skandiaelevator.com\/wp-content\/uploads\/2025\/09\/eba9cdee8f084fbaf0e3e2ac7c561b39ecaf4402-300x200.png 300w, https:\/\/skandiaelevator.com\/wp-content\/uploads\/2025\/09\/eba9cdee8f084fbaf0e3e2ac7c561b39ecaf4402.png 642w\" sizes=\"(max-width: 300px) 100vw, 300px\" \/><\/p>\n<\/div>\t\n      \t          \n        <\/div>\n              <\/div>\n      \n            \n      <div class=\"ue_timeline_item_pointer_spacer\"><\/div>\n      \n    <\/div>\n  \n    <div class=\"ue_timeline_item_icon\">\n      <div class=\"ue_timeline_item_icon_line_offset\">\n      \t<div class=\"ue_timeline_item_icon_line_offset_mask ue_timeline_item_line_icon_holder\">\n          <div class=\"ue_timeline_item_line_floating_icon-offset ue_timeline_floating_icon\"><i class='fas fa-rocket'><\/i><\/div>\n        <\/div>\n      <\/div>\n      <div class=\"ue_timeline_item_icon_holder\">\n                                      <\/div>\n      \n      <div class=\"ue_timeline_item_icon_line\">\n      \t<div class=\"ue_timeline_item_icon_line_mask ue_timeline_item_line_icon_holder\">\n          <div class=\"ue_timeline_item_line_floating_icon ue_timeline_floating_icon\"><i class='fas fa-rocket'><\/i><\/div>\n        <\/div>\n      <\/div>\n      \n    <\/div>\n    <div class=\"ue_timeline_item_spacer\">\n            <div class=\"ue_timeline_item_img_wrapper\">\n                <img decoding=\"async\" class=\"uet_opposite_img\" src=\"https:\/\/work.unlimited-elements.com\/wp-content\/plugins\/unlimited-elements-for-elementor\/images\/placeholder.png\" alt=\"\" title=\"\">\n              <\/div>\n        \t<\/div>\n  <\/div>\n\n<div class=\"ue_timeline_item elementor-repeater-item-24aceba \" id=\"uc_unlimited_timeline_elementor_4b33a37_item3\">\n    <div class=\"ue_timeline_item_content\">\n      \n      <div class=\"ue_timeline_item_content_main\">\n        \n                \n        <div class=\"ue_timeline_item_content_inside\">\n          <div class=\"ue_timeline_item_subtitle\" >1989\u20132010<\/div>\n        <div class=\"ue_timeline_item_title\" >V\u00c4GEN TILL TOPPEN<\/div>                <div class=\"ue_timeline_item_text\"><p>1989 tog Anders Larsson \u00f6ver som ensam \u00e4gare f\u00f6r f\u00f6retaget och under hans starka ledarskap lades grunden f\u00f6r det f\u00f6retag Skandia Elevator \u00e4r idag. 1999 formulerades m\u00e5ls\u00e4ttningen att inom femton \u00e5r bli Europas ledande tillverkare av transportsystem f\u00f6r spannm\u00e5lsindustrin. En m\u00e5ls\u00e4ttning som hela f\u00f6retaget gemensamt arbetade emot under 2000-talets f\u00f6rsta decennium. Och 2010 blev Skandia Elevator Europas ledande tillverkare av transportsystem f\u00f6r spannm\u00e5lsindustrin.   <\/p>\n<p><img decoding=\"async\" class=\"alignnone size-medium wp-image-2708\" src=\"https:\/\/skandiaelevator.com\/wp-content\/uploads\/2025\/09\/6ae156af7521e0b18ad567633b1abe9fa6757915-300x220.png\" alt=\"\" width=\"300\" height=\"220\" srcset=\"https:\/\/skandiaelevator.com\/wp-content\/uploads\/2025\/09\/6ae156af7521e0b18ad567633b1abe9fa6757915-300x220.png 300w, https:\/\/skandiaelevator.com\/wp-content\/uploads\/2025\/09\/6ae156af7521e0b18ad567633b1abe9fa6757915.png 642w\" sizes=\"(max-width: 300px) 100vw, 300px\" \/><\/p>\n<\/div>\t\n      \t          \n        <\/div>\n              <\/div>\n      \n            \n      <div class=\"ue_timeline_item_pointer_spacer\"><\/div>\n      \n    <\/div>\n  \n    <div class=\"ue_timeline_item_icon\">\n      <div class=\"ue_timeline_item_icon_line_offset\">\n      \t<div class=\"ue_timeline_item_icon_line_offset_mask ue_timeline_item_line_icon_holder\">\n          <div class=\"ue_timeline_item_line_floating_icon-offset ue_timeline_floating_icon\"><i class='fas fa-rocket'><\/i><\/div>\n        <\/div>\n      <\/div>\n      <div class=\"ue_timeline_item_icon_holder\">\n                                      <\/div>\n      \n      <div class=\"ue_timeline_item_icon_line\">\n      \t<div class=\"ue_timeline_item_icon_line_mask ue_timeline_item_line_icon_holder\">\n          <div class=\"ue_timeline_item_line_floating_icon ue_timeline_floating_icon\"><i class='fas fa-rocket'><\/i><\/div>\n        <\/div>\n      <\/div>\n      \n    <\/div>\n    <div class=\"ue_timeline_item_spacer\">\n            <div class=\"ue_timeline_item_img_wrapper\">\n                <img decoding=\"async\" class=\"uet_opposite_img\" src=\"https:\/\/work.unlimited-elements.com\/wp-content\/plugins\/unlimited-elements-for-elementor\/images\/placeholder.png\" alt=\"\" title=\"\">\n              <\/div>\n        \t<\/div>\n  <\/div>\n\n<div class=\"ue_timeline_item elementor-repeater-item-0b3233e \" id=\"uc_unlimited_timeline_elementor_4b33a37_item4\">\n    <div class=\"ue_timeline_item_content\">\n      \n      <div class=\"ue_timeline_item_content_main\">\n        \n                \n        <div class=\"ue_timeline_item_content_inside\">\n          <div class=\"ue_timeline_item_subtitle\" >1979\u20131988<\/div>\n        <div class=\"ue_timeline_item_title\" >EXPORT &amp; DEN F\u00d6RSTA ELEVATORN I GALVANISERAT ST\u00c5L<\/div>                <div class=\"ue_timeline_item_text\"><p>1979 var Skandia Elevator ett av de f\u00f6rsta f\u00f6retaget som b\u00f6rjade tillverka elevatorer och transport\u00f6rer i galvaniserad pl\u00e5t. N\u00e5got som visade sig vara en viktig framg\u00e5ngsfaktor f\u00f6r f\u00f6retaget. Under 80- och 90-talet l\u00e5g fokus till stor del p\u00e5 nya exportmarknader fr\u00e4mst p\u00e5 produktutveckling. Sortimentet kompletterades med b\u00f6jda och lutande transport\u00f6rer, vilket ytterligare st\u00e4rkte f\u00f6retagets konkurrenskraft.   <\/p>\n<\/div>\t\n      \t          \n        <\/div>\n              <\/div>\n      \n            \n      <div class=\"ue_timeline_item_pointer_spacer\"><\/div>\n      \n    <\/div>\n  \n    <div class=\"ue_timeline_item_icon\">\n      <div class=\"ue_timeline_item_icon_line_offset\">\n      \t<div class=\"ue_timeline_item_icon_line_offset_mask ue_timeline_item_line_icon_holder\">\n          <div class=\"ue_timeline_item_line_floating_icon-offset ue_timeline_floating_icon\"><i class='fas fa-rocket'><\/i><\/div>\n        <\/div>\n      <\/div>\n      <div class=\"ue_timeline_item_icon_holder\">\n                                      <\/div>\n      \n      <div class=\"ue_timeline_item_icon_line\">\n      \t<div class=\"ue_timeline_item_icon_line_mask ue_timeline_item_line_icon_holder\">\n          <div class=\"ue_timeline_item_line_floating_icon ue_timeline_floating_icon\"><i class='fas fa-rocket'><\/i><\/div>\n        <\/div>\n      <\/div>\n      \n    <\/div>\n    <div class=\"ue_timeline_item_spacer\">\n            <div class=\"ue_timeline_item_img_wrapper\">\n                <img decoding=\"async\" class=\"uet_opposite_img\" src=\"https:\/\/work.unlimited-elements.com\/wp-content\/plugins\/unlimited-elements-for-elementor\/images\/placeholder.png\" alt=\"\" title=\"\">\n              <\/div>\n        \t<\/div>\n  <\/div>\n\n<div class=\"ue_timeline_item elementor-repeater-item-8f79463 \" id=\"uc_unlimited_timeline_elementor_4b33a37_item5\">\n    <div class=\"ue_timeline_item_content\">\n      \n      <div class=\"ue_timeline_item_content_main\">\n        \n                \n        <div class=\"ue_timeline_item_content_inside\">\n          <div class=\"ue_timeline_item_subtitle\" >1961\u20131988<\/div>\n        <div class=\"ue_timeline_item_title\" >GENERATIONSSKIFTE &amp; TRANSPORTUTRUSTNING<\/div>                <div class=\"ue_timeline_item_text\"><p>1961 tog Nils son Anders Larsson och Gustavs fem barn \u00f6ver f\u00f6retaget. Redan \u00e5ret d\u00e4rp\u00e5 tillverkade man den allra f\u00f6rsta elevatorn, som d\u00e5 var helt i tr\u00e4. Under 60- och b\u00f6rjan av 70-talet hade f\u00f6retaget utvecklat ett brett produktutbud med b\u00e5de elevatorer och kompletta torkanl\u00e4ggningar. 1975 valde man att koncentrera produktionen enbart till transportutrustning. Samma \u00e5r b\u00f6rjade f\u00f6retaget dessutom att exportera produkter utanf\u00f6r Sveriges gr\u00e4nser. Exporten drev p\u00e5 f\u00f6retagets fortsatta utveckling.     <\/p>\n<\/div>\t\n      \t          \n        <\/div>\n              <\/div>\n      \n            \n      <div class=\"ue_timeline_item_pointer_spacer\"><\/div>\n      \n    <\/div>\n  \n    <div class=\"ue_timeline_item_icon\">\n      <div class=\"ue_timeline_item_icon_line_offset\">\n      \t<div class=\"ue_timeline_item_icon_line_offset_mask ue_timeline_item_line_icon_holder\">\n          <div class=\"ue_timeline_item_line_floating_icon-offset ue_timeline_floating_icon\"><i class='fas fa-rocket'><\/i><\/div>\n        <\/div>\n      <\/div>\n      <div class=\"ue_timeline_item_icon_holder\">\n                                      <\/div>\n      \n      <div class=\"ue_timeline_item_icon_line\">\n      \t<div class=\"ue_timeline_item_icon_line_mask ue_timeline_item_line_icon_holder\">\n          <div class=\"ue_timeline_item_line_floating_icon ue_timeline_floating_icon\"><i class='fas fa-rocket'><\/i><\/div>\n        <\/div>\n      <\/div>\n      \n    <\/div>\n    <div class=\"ue_timeline_item_spacer\">\n            <div class=\"ue_timeline_item_img_wrapper\">\n                <img decoding=\"async\" class=\"uet_opposite_img\" src=\"https:\/\/work.unlimited-elements.com\/wp-content\/plugins\/unlimited-elements-for-elementor\/images\/placeholder.png\" alt=\"\" title=\"\">\n              <\/div>\n        \t<\/div>\n  <\/div>\n\n<div class=\"ue_timeline_item elementor-repeater-item-2b74403 \" id=\"uc_unlimited_timeline_elementor_4b33a37_item6\">\n    <div class=\"ue_timeline_item_content\">\n      \n      <div class=\"ue_timeline_item_content_main\">\n        \n                \n        <div class=\"ue_timeline_item_content_inside\">\n          <div class=\"ue_timeline_item_subtitle\" >1914\u20131960<\/div>\n        <div class=\"ue_timeline_item_title\" >TR\u00d6SKVERK &amp; G\u00d6DSELSPRIDARE<\/div>                <div class=\"ue_timeline_item_text\"><p>F\u00f6retaget Br\u00f6derna Larsson i Arentorp AB grundades i 1914 av br\u00f6derna Nils Larsson och Gustav Larsson. De f\u00f6rsta \u00e5ren tillverkade man enbart tr\u00f6skverk som gick under namnet Skandia Tr\u00f6skverken och kunderna var fr\u00e4mst n\u00e4rliggande g\u00e5rdar. Under 20-talet utvecklade man de f\u00f6rsta sj\u00e4lvrensande tr\u00f6skverken, vilka sk\u00f6rdade stor framg\u00e5ng f\u00f6r br\u00f6derna Larsson. Efterfr\u00e5gan p\u00e5 Skandias tr\u00f6skverk \u00f6kade under \u00e5ren och 1945 tillkom en produkt i sortimentet, n\u00e4mligen g\u00f6dselspridaren.   <\/p>\n<p><img loading=\"lazy\" decoding=\"async\" class=\"alignnone size-medium wp-image-2737\" src=\"https:\/\/skandiaelevator.com\/wp-content\/uploads\/2025\/09\/99b8db9efd6bf7f352e78160ea5a50a16b398f27-300x220.png\" alt=\"\" width=\"300\" height=\"220\" srcset=\"https:\/\/skandiaelevator.com\/wp-content\/uploads\/2025\/09\/99b8db9efd6bf7f352e78160ea5a50a16b398f27-300x220.png 300w, https:\/\/skandiaelevator.com\/wp-content\/uploads\/2025\/09\/99b8db9efd6bf7f352e78160ea5a50a16b398f27.png 642w\" sizes=\"(max-width: 300px) 100vw, 300px\" \/><\/p>\n<\/div>\t\n      \t          \n        <\/div>\n              <\/div>\n      \n            \n      <div class=\"ue_timeline_item_pointer_spacer\"><\/div>\n      \n    <\/div>\n  \n    <div class=\"ue_timeline_item_icon\">\n      <div class=\"ue_timeline_item_icon_line_offset\">\n      \t<div class=\"ue_timeline_item_icon_line_offset_mask ue_timeline_item_line_icon_holder\">\n          <div class=\"ue_timeline_item_line_floating_icon-offset ue_timeline_floating_icon\"><i class='fas fa-rocket'><\/i><\/div>\n        <\/div>\n      <\/div>\n      <div class=\"ue_timeline_item_icon_holder\">\n                                      <\/div>\n      \n      <div class=\"ue_timeline_item_icon_line\">\n      \t<div class=\"ue_timeline_item_icon_line_mask ue_timeline_item_line_icon_holder\">\n          <div class=\"ue_timeline_item_line_floating_icon ue_timeline_floating_icon\"><i class='fas fa-rocket'><\/i><\/div>\n        <\/div>\n      <\/div>\n      \n    <\/div>\n    <div class=\"ue_timeline_item_spacer\">\n            <div class=\"ue_timeline_item_img_wrapper\">\n                <img decoding=\"async\" class=\"uet_opposite_img\" src=\"https:\/\/work.unlimited-elements.com\/wp-content\/plugins\/unlimited-elements-for-elementor\/images\/placeholder.png\" alt=\"\" title=\"\">\n              <\/div>\n        \t<\/div>\n  <\/div>\n \n<\/div>\n<!-- end Unlimited Timeline -->\t\t\t\t<\/div>\n\t\t\t\t<\/div>\n\t\t\t\t\t<\/div>\n\t\t\t\t<\/div>\n\t\t\t\t<\/div>\n\t\t","protected":false},"excerpt":{"rendered":"<p>V\u00e5r historia Vad som b\u00f6rjade 1914 i Vara i Sverige har idag vuxit till att bli en ledande global partner inom spannm\u00e5lshantering. Utforska resan bakom v\u00e5r innovation, v\u00e5rt hantverk och v\u00e5rt l\u00e5ngvariga engagemang f\u00f6r spannm\u00e5lsindustrin. Skandia Elevator \u00e4r ett familjef\u00f6retag som nu drivs av tredje generationen. Det grundades 1914 av br\u00f6derna Nils och Gustav Larsson, [&hellip;]<\/p>\n","protected":false},"author":1,"featured_media":0,"parent":0,"menu_order":0,"comment_status":"closed","ping_status":"closed","template":"","meta":{"_acf_changed":false,"footnotes":""},"class_list":["post-2794","page","type-page","status-publish","hentry"],"acf":[],"yoast_head":"<!-- This site is optimized with the Yoast SEO plugin v27.4 - https:\/\/yoast.com\/product\/yoast-seo-wordpress\/ -->\n<title>Historia - Skandia elevator<\/title>\n<meta name=\"description\" content=\"Fr\u00e5n en svensk g\u00e5rd 1914 till global ledare inom spannm\u00e5lshantering \u2013 uppt\u00e4ck Skandia Elevators resa genom tre generationer.\" \/>\n<meta name=\"robots\" content=\"index, follow, max-snippet:-1, max-image-preview:large, max-video-preview:-1\" \/>\n<link rel=\"canonical\" href=\"https:\/\/skandiaelevator.com\/history\/\" \/>\n<meta property=\"og:locale\" content=\"sv_SE\" \/>\n<meta property=\"og:type\" content=\"article\" \/>\n<meta property=\"og:title\" content=\"Historia - Skandia elevator\" \/>\n<meta property=\"og:description\" content=\"Fr\u00e5n en svensk g\u00e5rd 1914 till global ledare inom spannm\u00e5lshantering \u2013 uppt\u00e4ck Skandia Elevators resa genom tre generationer.\" \/>\n<meta property=\"og:url\" content=\"https:\/\/skandiaelevator.com\/history\/\" \/>\n<meta property=\"og:site_name\" content=\"Skandia elevator\" \/>\n<meta property=\"article:modified_time\" content=\"2025-09-25T12:57:38+00:00\" \/>\n<meta property=\"og:image\" content=\"https:\/\/skandiaelevator.com\/wp-content\/uploads\/2025\/09\/0b00464bdd8ae64cbd2be53ab185b7f73c96d037.jpg\" \/>\n\t<meta property=\"og:image:width\" content=\"2530\" \/>\n\t<meta property=\"og:image:height\" content=\"1694\" \/>\n\t<meta property=\"og:image:type\" content=\"image\/jpeg\" \/>\n<meta name=\"twitter:card\" content=\"summary_large_image\" \/>\n<meta name=\"twitter:label1\" content=\"Ber\u00e4knad l\u00e4stid\" \/>\n\t<meta name=\"twitter:data1\" content=\"5 minuter\" \/>\n<script type=\"application\/ld+json\" class=\"yoast-schema-graph\">{\"@context\":\"https:\\\/\\\/schema.org\",\"@graph\":[{\"@type\":\"WebPage\",\"@id\":\"https:\\\/\\\/skandiaelevator.com\\\/history\\\/\",\"url\":\"https:\\\/\\\/skandiaelevator.com\\\/history\\\/\",\"name\":\"Historia - Skandia elevator\",\"isPartOf\":{\"@id\":\"https:\\\/\\\/skandiaelevator.com\\\/#website\"},\"primaryImageOfPage\":{\"@id\":\"https:\\\/\\\/skandiaelevator.com\\\/history\\\/#primaryimage\"},\"image\":{\"@id\":\"https:\\\/\\\/skandiaelevator.com\\\/history\\\/#primaryimage\"},\"thumbnailUrl\":\"https:\\\/\\\/skandiaelevator.com\\\/wp-content\\\/uploads\\\/2025\\\/09\\\/0b00464bdd8ae64cbd2be53ab185b7f73c96d037.jpg\",\"datePublished\":\"2025-09-04T09:53:06+00:00\",\"dateModified\":\"2025-09-25T12:57:38+00:00\",\"description\":\"Fr\u00e5n en svensk g\u00e5rd 1914 till global ledare inom spannm\u00e5lshantering \u2013 uppt\u00e4ck Skandia Elevators resa genom tre generationer.\",\"breadcrumb\":{\"@id\":\"https:\\\/\\\/skandiaelevator.com\\\/history\\\/#breadcrumb\"},\"inLanguage\":\"sv-SE\",\"potentialAction\":[{\"@type\":\"ReadAction\",\"target\":[\"https:\\\/\\\/skandiaelevator.com\\\/history\\\/\"]}]},{\"@type\":\"ImageObject\",\"inLanguage\":\"sv-SE\",\"@id\":\"https:\\\/\\\/skandiaelevator.com\\\/history\\\/#primaryimage\",\"url\":\"https:\\\/\\\/skandiaelevator.com\\\/wp-content\\\/uploads\\\/2025\\\/09\\\/0b00464bdd8ae64cbd2be53ab185b7f73c96d037.jpg\",\"contentUrl\":\"https:\\\/\\\/skandiaelevator.com\\\/wp-content\\\/uploads\\\/2025\\\/09\\\/0b00464bdd8ae64cbd2be53ab185b7f73c96d037.jpg\"},{\"@type\":\"BreadcrumbList\",\"@id\":\"https:\\\/\\\/skandiaelevator.com\\\/history\\\/#breadcrumb\",\"itemListElement\":[{\"@type\":\"ListItem\",\"position\":1,\"name\":\"Hem\",\"item\":\"https:\\\/\\\/skandiaelevator.com\\\/sv\\\/home\\\/\"},{\"@type\":\"ListItem\",\"position\":2,\"name\":\"Historia\"}]},{\"@type\":\"WebSite\",\"@id\":\"https:\\\/\\\/skandiaelevator.com\\\/#website\",\"url\":\"https:\\\/\\\/skandiaelevator.com\\\/\",\"name\":\"Skandia elevator\",\"description\":\"\",\"publisher\":{\"@id\":\"https:\\\/\\\/skandiaelevator.com\\\/#organization\"},\"potentialAction\":[{\"@type\":\"SearchAction\",\"target\":{\"@type\":\"EntryPoint\",\"urlTemplate\":\"https:\\\/\\\/skandiaelevator.com\\\/?s={search_term_string}\"},\"query-input\":{\"@type\":\"PropertyValueSpecification\",\"valueRequired\":true,\"valueName\":\"search_term_string\"}}],\"inLanguage\":\"sv-SE\"},{\"@type\":\"Organization\",\"@id\":\"https:\\\/\\\/skandiaelevator.com\\\/#organization\",\"name\":\"Skandia elevator\",\"url\":\"https:\\\/\\\/skandiaelevator.com\\\/\",\"logo\":{\"@type\":\"ImageObject\",\"inLanguage\":\"sv-SE\",\"@id\":\"https:\\\/\\\/skandiaelevator.com\\\/#\\\/schema\\\/logo\\\/image\\\/\",\"url\":\"https:\\\/\\\/skandiaelevator.com\\\/wp-content\\\/uploads\\\/2025\\\/09\\\/cropped-FAV_512x512px.png\",\"contentUrl\":\"https:\\\/\\\/skandiaelevator.com\\\/wp-content\\\/uploads\\\/2025\\\/09\\\/cropped-FAV_512x512px.png\",\"width\":512,\"height\":512,\"caption\":\"Skandia elevator\"},\"image\":{\"@id\":\"https:\\\/\\\/skandiaelevator.com\\\/#\\\/schema\\\/logo\\\/image\\\/\"}}]}<\/script>\n<!-- \/ Yoast SEO plugin. -->","yoast_head_json":{"title":"Historia - Skandia elevator","description":"Fr\u00e5n en svensk g\u00e5rd 1914 till global ledare inom spannm\u00e5lshantering \u2013 uppt\u00e4ck Skandia Elevators resa genom tre generationer.","robots":{"index":"index","follow":"follow","max-snippet":"max-snippet:-1","max-image-preview":"max-image-preview:large","max-video-preview":"max-video-preview:-1"},"canonical":"https:\/\/skandiaelevator.com\/history\/","og_locale":"sv_SE","og_type":"article","og_title":"Historia - Skandia elevator","og_description":"Fr\u00e5n en svensk g\u00e5rd 1914 till global ledare inom spannm\u00e5lshantering \u2013 uppt\u00e4ck Skandia Elevators resa genom tre generationer.","og_url":"https:\/\/skandiaelevator.com\/history\/","og_site_name":"Skandia elevator","article_modified_time":"2025-09-25T12:57:38+00:00","og_image":[{"width":2530,"height":1694,"url":"https:\/\/skandiaelevator.com\/wp-content\/uploads\/2025\/09\/0b00464bdd8ae64cbd2be53ab185b7f73c96d037.jpg","type":"image\/jpeg"}],"twitter_card":"summary_large_image","twitter_misc":{"Ber\u00e4knad l\u00e4stid":"5 minuter"},"schema":{"@context":"https:\/\/schema.org","@graph":[{"@type":"WebPage","@id":"https:\/\/skandiaelevator.com\/history\/","url":"https:\/\/skandiaelevator.com\/history\/","name":"Historia - Skandia elevator","isPartOf":{"@id":"https:\/\/skandiaelevator.com\/#website"},"primaryImageOfPage":{"@id":"https:\/\/skandiaelevator.com\/history\/#primaryimage"},"image":{"@id":"https:\/\/skandiaelevator.com\/history\/#primaryimage"},"thumbnailUrl":"https:\/\/skandiaelevator.com\/wp-content\/uploads\/2025\/09\/0b00464bdd8ae64cbd2be53ab185b7f73c96d037.jpg","datePublished":"2025-09-04T09:53:06+00:00","dateModified":"2025-09-25T12:57:38+00:00","description":"Fr\u00e5n en svensk g\u00e5rd 1914 till global ledare inom spannm\u00e5lshantering \u2013 uppt\u00e4ck Skandia Elevators resa genom tre generationer.","breadcrumb":{"@id":"https:\/\/skandiaelevator.com\/history\/#breadcrumb"},"inLanguage":"sv-SE","potentialAction":[{"@type":"ReadAction","target":["https:\/\/skandiaelevator.com\/history\/"]}]},{"@type":"ImageObject","inLanguage":"sv-SE","@id":"https:\/\/skandiaelevator.com\/history\/#primaryimage","url":"https:\/\/skandiaelevator.com\/wp-content\/uploads\/2025\/09\/0b00464bdd8ae64cbd2be53ab185b7f73c96d037.jpg","contentUrl":"https:\/\/skandiaelevator.com\/wp-content\/uploads\/2025\/09\/0b00464bdd8ae64cbd2be53ab185b7f73c96d037.jpg"},{"@type":"BreadcrumbList","@id":"https:\/\/skandiaelevator.com\/history\/#breadcrumb","itemListElement":[{"@type":"ListItem","position":1,"name":"Hem","item":"https:\/\/skandiaelevator.com\/sv\/home\/"},{"@type":"ListItem","position":2,"name":"Historia"}]},{"@type":"WebSite","@id":"https:\/\/skandiaelevator.com\/#website","url":"https:\/\/skandiaelevator.com\/","name":"Skandia elevator","description":"","publisher":{"@id":"https:\/\/skandiaelevator.com\/#organization"},"potentialAction":[{"@type":"SearchAction","target":{"@type":"EntryPoint","urlTemplate":"https:\/\/skandiaelevator.com\/?s={search_term_string}"},"query-input":{"@type":"PropertyValueSpecification","valueRequired":true,"valueName":"search_term_string"}}],"inLanguage":"sv-SE"},{"@type":"Organization","@id":"https:\/\/skandiaelevator.com\/#organization","name":"Skandia elevator","url":"https:\/\/skandiaelevator.com\/","logo":{"@type":"ImageObject","inLanguage":"sv-SE","@id":"https:\/\/skandiaelevator.com\/#\/schema\/logo\/image\/","url":"https:\/\/skandiaelevator.com\/wp-content\/uploads\/2025\/09\/cropped-FAV_512x512px.png","contentUrl":"https:\/\/skandiaelevator.com\/wp-content\/uploads\/2025\/09\/cropped-FAV_512x512px.png","width":512,"height":512,"caption":"Skandia elevator"},"image":{"@id":"https:\/\/skandiaelevator.com\/#\/schema\/logo\/image\/"}}]}},"_links":{"self":[{"href":"https:\/\/skandiaelevator.com\/sv\/wp-json\/wp\/v2\/pages\/2794","targetHints":{"allow":["GET"]}}],"collection":[{"href":"https:\/\/skandiaelevator.com\/sv\/wp-json\/wp\/v2\/pages"}],"about":[{"href":"https:\/\/skandiaelevator.com\/sv\/wp-json\/wp\/v2\/types\/page"}],"author":[{"embeddable":true,"href":"https:\/\/skandiaelevator.com\/sv\/wp-json\/wp\/v2\/users\/1"}],"replies":[{"embeddable":true,"href":"https:\/\/skandiaelevator.com\/sv\/wp-json\/wp\/v2\/comments?post=2794"}],"version-history":[{"count":5,"href":"https:\/\/skandiaelevator.com\/sv\/wp-json\/wp\/v2\/pages\/2794\/revisions"}],"predecessor-version":[{"id":6684,"href":"https:\/\/skandiaelevator.com\/sv\/wp-json\/wp\/v2\/pages\/2794\/revisions\/6684"}],"wp:attachment":[{"href":"https:\/\/skandiaelevator.com\/sv\/wp-json\/wp\/v2\/media?parent=2794"}],"curies":[{"name":"wp","href":"https:\/\/api.w.org\/{rel}","templated":true}]}}